{"id":130,"date":"2020-09-15T06:48:39","date_gmt":"2020-09-15T06:48:39","guid":{"rendered":"http:\/\/gitesdelacroixasnier.com\/index.php\/projects\/"},"modified":"2021-07-15T16:06:12","modified_gmt":"2021-07-15T16:06:12","slug":"a-proximite","status":"publish","type":"page","link":"https:\/\/gitesdelacroixasnier.com\/index.php\/a-proximite\/","title":{"rendered":"A proximit\u00e9"},"content":{"rendered":"\n<div class=\"wp-block-cover alignfull has-background-dim-40 has-cyan-bluish-gray-background-color has-background-dim\" style=\"min-height:400px;aspect-ratio:unset;\"><img loading=\"lazy\" decoding=\"async\" width=\"1024\" height=\"686\" class=\"wp-block-cover__image-background wp-image-215\" alt=\"\" src=\"https:\/\/gitesdelacroixasnier.com\/wp-content\/uploads\/2021\/04\/a-proximite-1.jpg\" style=\"object-position:50% 39%\" data-object-fit=\"cover\" data-object-position=\"50% 39%\" srcset=\"https:\/\/gitesdelacroixasnier.com\/wp-content\/uploads\/2021\/04\/a-proximite-1.jpg 1024w, https:\/\/gitesdelacroixasnier.com\/wp-content\/uploads\/2021\/04\/a-proximite-1-300x201.jpg 300w, https:\/\/gitesdelacroixasnier.com\/wp-content\/uploads\/2021\/04\/a-proximite-1-768x515.jpg 768w\" sizes=\"auto, (max-width: 1024px) 100vw, 1024px\" \/><div class=\"wp-block-cover__inner-container is-layout-flow wp-block-cover-is-layout-flow\">\n<h1 class=\"has-text-align-center has-white-color has-text-color wp-block-heading\">\u00e0 proximit\u00e9<\/h1>\n<\/div><\/div>\n\n\n\n<p><\/p>\n\n\n\n<p>Petit tour d&rsquo;horizon des diverses activit\u00e9s \u00e0 proximit\u00e9. L&rsquo;ensemble des activit\u00e9s sont r\u00e9pertori\u00e9es par la maison du patrimoine de chatel montagne : <\/p>\n\n\n\n<p>T\u00e9l\u00e9phone&nbsp;: 04 70 59 37 89<\/p>\n\n\n\n<p>Adresse&nbsp;: Place Alphonse Corre, 03250 Ch\u00e2tel-Montagne<\/p>\n\n\n\n<p>Ouvert du lundi au samedi : 9h30-12h00\/13h30-18h00<\/p>\n\n\n\n<p><a href=\"https:\/\/www.facebook.com\/maison.dupatrimoine.5\/?hc_location=ufi\" title=\"https:\/\/www.facebook.com\/maison.dupatrimoine.5\/?hc_location=ufi\" target=\"_blank\" rel=\"noreferrer noopener\">https:\/\/www.facebook.com\/maison.dupatrimoine.5\/?hc_location=ufi<\/a><\/p>\n\n\n\n<p><\/p>\n\n\n\n<div class=\"wp-block-group alignfull has-white-background-color has-background\"><div class=\"wp-block-group__inner-container is-layout-flow wp-block-group-is-layout-flow\">\n<h6 class=\"wp-block-heading\">Patrimoine<\/h6>\n\n\n\n<h2 class=\"wp-block-heading\">Pour les historiens<\/h2>\n\n\n\n<p>Quelques exemples de sites \u00e0 visiter dans les villes alentours&#8230;<\/p>\n\n\n\n<figure class=\"wp-block-gallery columns-4 is-cropped wp-block-gallery-1 is-layout-flex wp-block-gallery-is-layout-flex\"><ul class=\"blocks-gallery-grid\"><li class=\"blocks-gallery-item\"><figure><img loading=\"lazy\" decoding=\"async\" width=\"1024\" height=\"768\" src=\"https:\/\/gitesdelacroixasnier.com\/wp-content\/uploads\/2021\/04\/chatel-eglise-1.jpg\" alt=\"\" data-id=\"294\" data-link=\"https:\/\/gitesdelacroixasnier.com\/index.php\/a-proximite\/chatel-eglise-1\/\" class=\"wp-image-294\" srcset=\"https:\/\/gitesdelacroixasnier.com\/wp-content\/uploads\/2021\/04\/chatel-eglise-1.jpg 1024w, https:\/\/gitesdelacroixasnier.com\/wp-content\/uploads\/2021\/04\/chatel-eglise-1-300x225.jpg 300w, https:\/\/gitesdelacroixasnier.com\/wp-content\/uploads\/2021\/04\/chatel-eglise-1-768x576.jpg 768w\" sizes=\"auto, (max-width: 1024px) 100vw, 1024px\" \/><figcaption class=\"blocks-gallery-item__caption\">Eglise du XII\u00e8me si\u00e8cle &#8211; Chatel Montagne<br><a href=\"https:\/\/www.chatel-montagne.fr\/eglise-romane\/\" title=\"En savoir plus\">Plus d&rsquo;infos<\/a><\/figcaption><\/figure><\/li><li class=\"blocks-gallery-item\"><figure><img loading=\"lazy\" decoding=\"async\" width=\"1024\" height=\"675\" src=\"https:\/\/gitesdelacroixasnier.com\/wp-content\/uploads\/2021\/04\/vichy-source-celestins-1.jpg\" alt=\"\" data-id=\"301\" data-link=\"https:\/\/gitesdelacroixasnier.com\/index.php\/a-proximite\/vichy-2\/\" class=\"wp-image-301\" srcset=\"https:\/\/gitesdelacroixasnier.com\/wp-content\/uploads\/2021\/04\/vichy-source-celestins-1.jpg 1024w, https:\/\/gitesdelacroixasnier.com\/wp-content\/uploads\/2021\/04\/vichy-source-celestins-1-300x198.jpg 300w, https:\/\/gitesdelacroixasnier.com\/wp-content\/uploads\/2021\/04\/vichy-source-celestins-1-768x506.jpg 768w\" sizes=\"auto, (max-width: 1024px) 100vw, 1024px\" \/><figcaption class=\"blocks-gallery-item__caption\">Source des C\u00e9lestins &#8211; Vichy<br><a href=\"https:\/\/www.vichy-destinations.fr\/\">Plus d&rsquo;infos<\/a><\/figcaption><\/figure><\/li><li class=\"blocks-gallery-item\"><figure><img loading=\"lazy\" decoding=\"async\" width=\"1024\" height=\"682\" src=\"https:\/\/gitesdelacroixasnier.com\/wp-content\/uploads\/2021\/04\/Cusset-souterrains-1.jpg\" alt=\"\" data-id=\"303\" data-link=\"https:\/\/gitesdelacroixasnier.com\/index.php\/a-proximite\/auvergne-rhone-alpes-allier-le-musee-de-la-tour-prisonniere-a-cusset-2\/\" class=\"wp-image-303\" srcset=\"https:\/\/gitesdelacroixasnier.com\/wp-content\/uploads\/2021\/04\/Cusset-souterrains-1.jpg 1024w, https:\/\/gitesdelacroixasnier.com\/wp-content\/uploads\/2021\/04\/Cusset-souterrains-1-300x200.jpg 300w, https:\/\/gitesdelacroixasnier.com\/wp-content\/uploads\/2021\/04\/Cusset-souterrains-1-768x512.jpg 768w\" sizes=\"auto, (max-width: 1024px) 100vw, 1024px\" \/><figcaption class=\"blocks-gallery-item__caption\">Souterrains &#8211; Cusset<br><a href=\"https:\/\/www.ville-cusset.com\/souterrains\/\">Plus d&rsquo;infos<\/a><\/figcaption><\/figure><\/li><li class=\"blocks-gallery-item\"><figure><img loading=\"lazy\" decoding=\"async\" width=\"800\" height=\"521\" src=\"https:\/\/gitesdelacroixasnier.com\/wp-content\/uploads\/2021\/04\/chateau-lapalisse.jpg\" alt=\"\" data-id=\"306\" data-full-url=\"https:\/\/gitesdelacroixasnier.com\/wp-content\/uploads\/2021\/04\/chateau-lapalisse.jpg\" data-link=\"https:\/\/gitesdelacroixasnier.com\/index.php\/a-proximite\/chateau-lapalisse\/\" class=\"wp-image-306\" srcset=\"https:\/\/gitesdelacroixasnier.com\/wp-content\/uploads\/2021\/04\/chateau-lapalisse.jpg 800w, https:\/\/gitesdelacroixasnier.com\/wp-content\/uploads\/2021\/04\/chateau-lapalisse-300x195.jpg 300w, https:\/\/gitesdelacroixasnier.com\/wp-content\/uploads\/2021\/04\/chateau-lapalisse-768x500.jpg 768w\" sizes=\"auto, (max-width: 800px) 100vw, 800px\" \/><figcaption class=\"blocks-gallery-item__caption\">Ch\u00e2teau de Lapalisse<br><a href=\"http:\/\/www.ville-lapalisse.fr\/fr\/tourisme\/sites-touristiques\/chateau.html\">Plus d&rsquo;infos<\/a><\/figcaption><\/figure><\/li><\/ul><\/figure>\n\n\n\n<p><\/p>\n<\/div><\/div>\n\n\n\n<div class=\"wp-block-group alignfull has-background\" style=\"background-color:#f7f7f7\"><div class=\"wp-block-group__inner-container is-layout-flow wp-block-group-is-layout-flow\">\n<h6 class=\"wp-block-heading\">Gastronomie<\/h6>\n\n\n\n<h2 class=\"wp-block-heading\">pour les gourmands<\/h2>\n\n\n\n<p>Quelques adresses pour vous ravir les papilles&#8230;<\/p>\n\n\n\n<figure class=\"wp-block-gallery columns-4 is-cropped wp-block-gallery-2 is-layout-flex wp-block-gallery-is-layout-flex\"><ul class=\"blocks-gallery-grid\"><li class=\"blocks-gallery-item\"><figure><img loading=\"lazy\" decoding=\"async\" width=\"150\" height=\"150\" src=\"https:\/\/gitesdelacroixasnier.com\/wp-content\/uploads\/2021\/04\/16art-2-150x150.jpg\" alt=\"\" data-id=\"366\" data-link=\"https:\/\/gitesdelacroixasnier.com\/index.php\/a-proximite\/16art-2\/\" class=\"wp-image-366\"\/><figcaption class=\"blocks-gallery-item__caption\">Restaurant le 16 Arts<br><a href=\"https:\/\/www.le16arts.fr\/\" target=\"_blank\" rel=\"noreferrer noopener\" title=\"https:\/\/www.le16arts.fr\/\">Plus d&rsquo;infos<\/a><\/figcaption><\/figure><\/li><li class=\"blocks-gallery-item\"><figure><img loading=\"lazy\" decoding=\"async\" width=\"150\" height=\"150\" src=\"https:\/\/gitesdelacroixasnier.com\/wp-content\/uploads\/2021\/04\/rosine-3-150x150.png\" alt=\"\" data-id=\"369\" data-link=\"https:\/\/gitesdelacroixasnier.com\/index.php\/a-proximite\/rosine-3\/\" class=\"wp-image-369\"\/><figcaption class=\"blocks-gallery-item__caption\">Bistrot Chez Rosine<br><a href=\"https:\/\/www.allier-auvergne-tourisme.com\/creperie\/restaurant-traditionnel\/chatel-montagne\/le-bistrot-de-campagne-chez-rosine-\/4823283\" target=\"_blank\" rel=\"noreferrer noopener\" title=\"https:\/\/www.allier-auvergne-tourisme.com\/creperie\/restaurant-traditionnel\/chatel-montagne\/le-bistrot-de-campagne-chez-rosine-\/4823283\">Plus d&rsquo;infos<\/a><\/figcaption><\/figure><\/li><li class=\"blocks-gallery-item\"><figure><img loading=\"lazy\" decoding=\"async\" width=\"150\" height=\"150\" src=\"https:\/\/gitesdelacroixasnier.com\/wp-content\/uploads\/2021\/04\/chez-sam-4-150x150.png\" alt=\"\" data-id=\"372\" data-link=\"https:\/\/gitesdelacroixasnier.com\/index.php\/a-proximite\/chez-sam-4\/\" class=\"wp-image-372\"\/><figcaption class=\"blocks-gallery-item__caption\">Restaurant n\u00e9o-paysan \/ Boutique de fermes<br><a href=\"https:\/\/marguetiere-andelaroche.chezsam.fr\/\" target=\"_blank\" rel=\"noreferrer noopener\">Plus d&rsquo;infos<\/a><\/figcaption><\/figure><\/li><li class=\"blocks-gallery-item\"><figure><img loading=\"lazy\" decoding=\"async\" width=\"150\" height=\"150\" src=\"https:\/\/gitesdelacroixasnier.com\/wp-content\/uploads\/2021\/04\/dcollines-3-150x150.jpg\" alt=\"\" data-id=\"373\" data-full-url=\"https:\/\/gitesdelacroixasnier.com\/wp-content\/uploads\/2021\/04\/dcollines-3.jpg\" data-link=\"https:\/\/gitesdelacroixasnier.com\/index.php\/a-proximite\/dcollines-3\/\" class=\"wp-image-373\"\/><figcaption class=\"blocks-gallery-item__caption\">Le Domaine des Collines<br><a href=\"https:\/\/www.allier-auvergne-tourisme.com\/degustation\/saint-clement\/domaine-des-collines\/5451137\" target=\"_blank\" rel=\"noreferrer noopener\" title=\"https:\/\/www.allier-auvergne-tourisme.com\/degustation\/saint-clement\/domaine-des-collines\/5451137\">Plus d&rsquo;infos<\/a><\/figcaption><\/figure><\/li><\/ul><\/figure>\n\n\n\n<p>D&rsquo;autres bonnes adresses ici :<\/p>\n\n\n\n<p><a href=\"https:\/\/www.bienvenue-a-la-ferme.com\/allier\">https:\/\/www.bienvenue-a-la-ferme.com\/allier<\/a><\/p>\n\n\n\n<div class=\"wp-block-file\"><a href=\"https:\/\/gitesdelacroixasnier.com\/wp-content\/uploads\/2021\/04\/goutez_l_allier_2020_ecran_version_numerique1.pdf\">goutez_l_allier_2020_ecran_version_numerique1<\/a><a href=\"https:\/\/gitesdelacroixasnier.com\/wp-content\/uploads\/2021\/04\/goutez_l_allier_2020_ecran_version_numerique1.pdf\" class=\"wp-block-file__button\" download>T\u00e9l\u00e9charger<\/a><\/div>\n<\/div><\/div>\n\n\n\n<div class=\"wp-block-group alignfull has-white-background-color has-background\"><div class=\"wp-block-group__inner-container is-layout-flow wp-block-group-is-layout-flow\">\n<h6 class=\"wp-block-heading\">Activit\u00e9s ludiques<\/h6>\n\n\n\n<h2 class=\"wp-block-heading\">pour les familles<\/h2>\n\n\n\n<p>Des activit\u00e9s pour se retrouver en famille, pour petits et grands&#8230;<\/p>\n\n\n\n<figure class=\"wp-block-gallery columns-4 is-cropped wp-block-gallery-3 is-layout-flex wp-block-gallery-is-layout-flex\"><ul class=\"blocks-gallery-grid\"><li class=\"blocks-gallery-item\"><figure><img loading=\"lazy\" decoding=\"async\" width=\"900\" height=\"600\" src=\"https:\/\/gitesdelacroixasnier.com\/wp-content\/uploads\/2021\/04\/loge-des-gardes.jpg\" alt=\"\" data-id=\"381\" data-link=\"https:\/\/gitesdelacroixasnier.com\/index.php\/a-proximite\/loge-des-gardes\/\" class=\"wp-image-381\" srcset=\"https:\/\/gitesdelacroixasnier.com\/wp-content\/uploads\/2021\/04\/loge-des-gardes.jpg 900w, https:\/\/gitesdelacroixasnier.com\/wp-content\/uploads\/2021\/04\/loge-des-gardes-300x200.jpg 300w, https:\/\/gitesdelacroixasnier.com\/wp-content\/uploads\/2021\/04\/loge-des-gardes-768x512.jpg 768w\" sizes=\"auto, (max-width: 900px) 100vw, 900px\" \/><figcaption class=\"blocks-gallery-item__caption\">Parc d&rsquo;activit\u00e9 et station de ski La Loge des Gardes<br><a href=\"https:\/\/www.logedesgardes.com\/activites-loisirs-auvergne\/\" title=\"https:\/\/www.logedesgardes.com\/activites-loisirs-auvergne\/\">Plus d&rsquo;infos<\/a><\/figcaption><\/figure><\/li><li class=\"blocks-gallery-item\"><figure><img loading=\"lazy\" decoding=\"async\" width=\"714\" height=\"324\" src=\"https:\/\/gitesdelacroixasnier.com\/wp-content\/uploads\/2021\/04\/vichyaventure.png\" alt=\"\" data-id=\"389\" data-link=\"https:\/\/gitesdelacroixasnier.com\/index.php\/a-proximite\/vichyaventure\/\" class=\"wp-image-389\" srcset=\"https:\/\/gitesdelacroixasnier.com\/wp-content\/uploads\/2021\/04\/vichyaventure.png 714w, https:\/\/gitesdelacroixasnier.com\/wp-content\/uploads\/2021\/04\/vichyaventure-300x136.png 300w\" sizes=\"auto, (max-width: 714px) 100vw, 714px\" \/><figcaption class=\"blocks-gallery-item__caption\">Vichy aventures<br><a href=\"http:\/\/www.vichyaventure.com\/\" target=\"_blank\" rel=\"noreferrer noopener\" title=\"http:\/\/www.vichyaventure.com\/\">Plus d&rsquo;infos<\/a><\/figcaption><\/figure><\/li><li class=\"blocks-gallery-item\"><figure><img loading=\"lazy\" decoding=\"async\" width=\"508\" height=\"277\" src=\"https:\/\/gitesdelacroixasnier.com\/wp-content\/uploads\/2021\/04\/tacot.png\" alt=\"\" data-id=\"392\" data-link=\"https:\/\/gitesdelacroixasnier.com\/index.php\/a-proximite\/tacot\/\" class=\"wp-image-392\" srcset=\"https:\/\/gitesdelacroixasnier.com\/wp-content\/uploads\/2021\/04\/tacot.png 508w, https:\/\/gitesdelacroixasnier.com\/wp-content\/uploads\/2021\/04\/tacot-300x164.png 300w\" sizes=\"auto, (max-width: 508px) 100vw, 508px\" \/><figcaption class=\"blocks-gallery-item__caption\">Le Tacot des Monts de la Madeleine<br><a href=\"https:\/\/leroannais.com\/noesit\/!\/fiche\/circuit-tacot-des-monts-de-la-madeleine-depart-jure-307274\" target=\"_blank\" rel=\"noreferrer noopener\" title=\"https:\/\/leroannais.com\/noesit\/!\/fiche\/circuit-tacot-des-monts-de-la-madeleine-depart-jure-307274\">Plus d&rsquo;infos<\/a><\/figcaption><\/figure><\/li><li class=\"blocks-gallery-item\"><figure><img loading=\"lazy\" decoding=\"async\" width=\"959\" height=\"698\" src=\"https:\/\/gitesdelacroixasnier.com\/wp-content\/uploads\/2021\/04\/lepal.png\" alt=\"\" data-id=\"399\" data-full-url=\"https:\/\/gitesdelacroixasnier.com\/wp-content\/uploads\/2021\/04\/lepal.png\" data-link=\"https:\/\/gitesdelacroixasnier.com\/index.php\/a-proximite\/lepal\/\" class=\"wp-image-399\" srcset=\"https:\/\/gitesdelacroixasnier.com\/wp-content\/uploads\/2021\/04\/lepal.png 959w, https:\/\/gitesdelacroixasnier.com\/wp-content\/uploads\/2021\/04\/lepal-300x218.png 300w, https:\/\/gitesdelacroixasnier.com\/wp-content\/uploads\/2021\/04\/lepal-768x559.png 768w\" sizes=\"auto, (max-width: 959px) 100vw, 959px\" \/><figcaption class=\"blocks-gallery-item__caption\">Parc d&rsquo;attraction et animalier Le Pal<br><a href=\"https:\/\/www.lepal.com\/\" target=\"_blank\" rel=\"noreferrer noopener\" title=\"https:\/\/www.lepal.com\/\">Plus d&rsquo;infos<\/a><\/figcaption><\/figure><\/li><\/ul><\/figure>\n\n\n\n<p>Pour nos amis les b\u00eates : <a href=\"https:\/\/nordikroad.wixsite.com\/nordikroad\/activites-allier\" target=\"_blank\" rel=\"noreferrer noopener\">d\u00e9couvrir<\/a><\/p>\n\n\n\n<p>Pour les p\u00e9cheurs, le guide de l&rsquo;Allier : <a href=\"https:\/\/www.federation-peche-allier.fr\/wp-content\/uploads\/2020\/12\/Guide-de-peche-2021.pdf\" title=\"https:\/\/www.federation-peche-allier.fr\/wp-content\/uploads\/2020\/12\/Guide-de-peche-2021.pdf\" target=\"_blank\" rel=\"noreferrer noopener\">d\u00e9couvrir<\/a><\/p>\n\n\n\n<p>V\u00e9lo-Rail : <a href=\"https:\/\/www.ecoloisirs.fr\/nos-sites\/velorail-electrique-du-bourbonnais\" target=\"_blank\" rel=\"noreferrer noopener\" title=\"https:\/\/www.ecoloisirs.fr\/nos-sites\/velorail-electrique-du-bourbonnais\">d\u00e9couvrir<\/a><\/p>\n\n\n\n<p>Amateurs de volcans d\u2019Auvergne : <a href=\"http:\/\/www.auvergne-volcan.com\/\" target=\"_blank\" rel=\"noreferrer noopener\">d\u00e9couvrir<\/a><\/p>\n<\/div><\/div>\n\n\n\n<p><\/p>\n","protected":false},"excerpt":{"rendered":"<p>Petit tour d&rsquo;horizon des diverses activit\u00e9s \u00e0 proximit\u00e9. L&rsquo;ensemble des activit\u00e9s sont r\u00e9pertori\u00e9es par la maison du patrimoine de chatel montagne : T\u00e9l\u00e9phone&nbsp;: 04 70 59 37 89 Adresse&nbsp;: Place Alphonse Corre, 03250 Ch\u00e2tel-Montagne Ouvert du lundi au samedi : 9h30-12h00\/13h30-18h00 https:\/\/www.facebook.com\/maison.dupatrimoine.5\/?hc_location=ufi Patrimoine Pour les historiens Quelques exemples de sites \u00e0 visiter dans les villes &hellip;<\/p>\n<p class=\"read-more\"> <a class=\"\" href=\"https:\/\/gitesdelacroixasnier.com\/index.php\/a-proximite\/\"> <span class=\"screen-reader-text\">A proximit\u00e9<\/span> Lire la suite\u00a0\u00bb<\/a><\/p>\n","protected":false},"author":1,"featured_media":0,"parent":0,"menu_order":0,"comment_status":"closed","ping_status":"closed","template":"","meta":{"om_disable_all_campaigns":false,"_monsterinsights_skip_tracking":false,"_monsterinsights_sitenote_active":false,"_monsterinsights_sitenote_note":"","_monsterinsights_sitenote_category":0,"footnotes":""},"class_list":["post-130","page","type-page","status-publish","hentry"],"yoast_head":"<!-- This site is optimized with the Yoast SEO plugin v26.1.1 - https:\/\/yoast.com\/wordpress\/plugins\/seo\/ -->\n<title>A proximit\u00e9 - Les G\u00eetes de la Croix Asnier<\/title>\n<meta name=\"robots\" content=\"index, follow, max-snippet:-1, max-image-preview:large, max-video-preview:-1\" \/>\n<link rel=\"canonical\" href=\"https:\/\/gitesdelacroixasnier.com\/index.php\/a-proximite\/\" \/>\n<meta property=\"og:locale\" content=\"fr_FR\" \/>\n<meta property=\"og:type\" content=\"article\" \/>\n<meta property=\"og:title\" content=\"A proximit\u00e9 - Les G\u00eetes de la Croix Asnier\" \/>\n<meta property=\"og:description\" content=\"Petit tour d&rsquo;horizon des diverses activit\u00e9s \u00e0 proximit\u00e9. L&rsquo;ensemble des activit\u00e9s sont r\u00e9pertori\u00e9es par la maison du patrimoine de chatel montagne : T\u00e9l\u00e9phone&nbsp;: 04 70 59 37 89 Adresse&nbsp;: Place Alphonse Corre, 03250 Ch\u00e2tel-Montagne Ouvert du lundi au samedi : 9h30-12h00\/13h30-18h00 https:\/\/www.facebook.com\/maison.dupatrimoine.5\/?hc_location=ufi Patrimoine Pour les historiens Quelques exemples de sites \u00e0 visiter dans les villes &hellip; A proximit\u00e9 Lire la suite\u00a0\u00bb\" \/>\n<meta property=\"og:url\" content=\"https:\/\/gitesdelacroixasnier.com\/index.php\/a-proximite\/\" \/>\n<meta property=\"og:site_name\" content=\"Les G\u00eetes de la Croix Asnier\" \/>\n<meta property=\"article:modified_time\" content=\"2021-07-15T16:06:12+00:00\" \/>\n<meta property=\"og:image\" content=\"https:\/\/gitesdelacroixasnier.com\/wp-content\/uploads\/2021\/04\/a-proximite-1.jpg\" \/>\n<meta name=\"twitter:card\" content=\"summary_large_image\" \/>\n<meta name=\"twitter:label1\" content=\"Dur\u00e9e de lecture estim\u00e9e\" \/>\n\t<meta name=\"twitter:data1\" content=\"1 minute\" \/>\n<script type=\"application\/ld+json\" class=\"yoast-schema-graph\">{\"@context\":\"https:\/\/schema.org\",\"@graph\":[{\"@type\":\"WebPage\",\"@id\":\"https:\/\/gitesdelacroixasnier.com\/index.php\/a-proximite\/\",\"url\":\"https:\/\/gitesdelacroixasnier.com\/index.php\/a-proximite\/\",\"name\":\"A proximit\u00e9 - Les G\u00eetes de la Croix Asnier\",\"isPartOf\":{\"@id\":\"https:\/\/gitesdelacroixasnier.com\/#website\"},\"primaryImageOfPage\":{\"@id\":\"https:\/\/gitesdelacroixasnier.com\/index.php\/a-proximite\/#primaryimage\"},\"image\":{\"@id\":\"https:\/\/gitesdelacroixasnier.com\/index.php\/a-proximite\/#primaryimage\"},\"thumbnailUrl\":\"https:\/\/gitesdelacroixasnier.com\/wp-content\/uploads\/2021\/04\/a-proximite-1.jpg\",\"datePublished\":\"2020-09-15T06:48:39+00:00\",\"dateModified\":\"2021-07-15T16:06:12+00:00\",\"breadcrumb\":{\"@id\":\"https:\/\/gitesdelacroixasnier.com\/index.php\/a-proximite\/#breadcrumb\"},\"inLanguage\":\"fr-FR\",\"potentialAction\":[{\"@type\":\"ReadAction\",\"target\":[\"https:\/\/gitesdelacroixasnier.com\/index.php\/a-proximite\/\"]}]},{\"@type\":\"ImageObject\",\"inLanguage\":\"fr-FR\",\"@id\":\"https:\/\/gitesdelacroixasnier.com\/index.php\/a-proximite\/#primaryimage\",\"url\":\"https:\/\/gitesdelacroixasnier.com\/wp-content\/uploads\/2021\/04\/a-proximite-1.jpg\",\"contentUrl\":\"https:\/\/gitesdelacroixasnier.com\/wp-content\/uploads\/2021\/04\/a-proximite-1.jpg\",\"width\":1024,\"height\":686},{\"@type\":\"BreadcrumbList\",\"@id\":\"https:\/\/gitesdelacroixasnier.com\/index.php\/a-proximite\/#breadcrumb\",\"itemListElement\":[{\"@type\":\"ListItem\",\"position\":1,\"name\":\"Accueil\",\"item\":\"https:\/\/gitesdelacroixasnier.com\/\"},{\"@type\":\"ListItem\",\"position\":2,\"name\":\"A proximit\u00e9\"}]},{\"@type\":\"WebSite\",\"@id\":\"https:\/\/gitesdelacroixasnier.com\/#website\",\"url\":\"https:\/\/gitesdelacroixasnier.com\/\",\"name\":\"Les G\u00eetes de la Croix Asnier\",\"description\":\"H\u00e9bergement \/ g\u00eetes pour de courts s\u00e9jours ou des vacances en Auvergne\",\"potentialAction\":[{\"@type\":\"SearchAction\",\"target\":{\"@type\":\"EntryPoint\",\"urlTemplate\":\"https:\/\/gitesdelacroixasnier.com\/?s={search_term_string}\"},\"query-input\":{\"@type\":\"PropertyValueSpecification\",\"valueRequired\":true,\"valueName\":\"search_term_string\"}}],\"inLanguage\":\"fr-FR\"}]}<\/script>\n<!-- \/ Yoast SEO plugin. -->","yoast_head_json":{"title":"A proximit\u00e9 - Les G\u00eetes de la Croix Asnier","robots":{"index":"index","follow":"follow","max-snippet":"max-snippet:-1","max-image-preview":"max-image-preview:large","max-video-preview":"max-video-preview:-1"},"canonical":"https:\/\/gitesdelacroixasnier.com\/index.php\/a-proximite\/","og_locale":"fr_FR","og_type":"article","og_title":"A proximit\u00e9 - Les G\u00eetes de la Croix Asnier","og_description":"Petit tour d&rsquo;horizon des diverses activit\u00e9s \u00e0 proximit\u00e9. L&rsquo;ensemble des activit\u00e9s sont r\u00e9pertori\u00e9es par la maison du patrimoine de chatel montagne : T\u00e9l\u00e9phone&nbsp;: 04 70 59 37 89 Adresse&nbsp;: Place Alphonse Corre, 03250 Ch\u00e2tel-Montagne Ouvert du lundi au samedi : 9h30-12h00\/13h30-18h00 https:\/\/www.facebook.com\/maison.dupatrimoine.5\/?hc_location=ufi Patrimoine Pour les historiens Quelques exemples de sites \u00e0 visiter dans les villes &hellip; A proximit\u00e9 Lire la suite\u00a0\u00bb","og_url":"https:\/\/gitesdelacroixasnier.com\/index.php\/a-proximite\/","og_site_name":"Les G\u00eetes de la Croix Asnier","article_modified_time":"2021-07-15T16:06:12+00:00","og_image":[{"url":"https:\/\/gitesdelacroixasnier.com\/wp-content\/uploads\/2021\/04\/a-proximite-1.jpg","type":"","width":"","height":""}],"twitter_card":"summary_large_image","twitter_misc":{"Dur\u00e9e de lecture estim\u00e9e":"1 minute"},"schema":{"@context":"https:\/\/schema.org","@graph":[{"@type":"WebPage","@id":"https:\/\/gitesdelacroixasnier.com\/index.php\/a-proximite\/","url":"https:\/\/gitesdelacroixasnier.com\/index.php\/a-proximite\/","name":"A proximit\u00e9 - Les G\u00eetes de la Croix Asnier","isPartOf":{"@id":"https:\/\/gitesdelacroixasnier.com\/#website"},"primaryImageOfPage":{"@id":"https:\/\/gitesdelacroixasnier.com\/index.php\/a-proximite\/#primaryimage"},"image":{"@id":"https:\/\/gitesdelacroixasnier.com\/index.php\/a-proximite\/#primaryimage"},"thumbnailUrl":"https:\/\/gitesdelacroixasnier.com\/wp-content\/uploads\/2021\/04\/a-proximite-1.jpg","datePublished":"2020-09-15T06:48:39+00:00","dateModified":"2021-07-15T16:06:12+00:00","breadcrumb":{"@id":"https:\/\/gitesdelacroixasnier.com\/index.php\/a-proximite\/#breadcrumb"},"inLanguage":"fr-FR","potentialAction":[{"@type":"ReadAction","target":["https:\/\/gitesdelacroixasnier.com\/index.php\/a-proximite\/"]}]},{"@type":"ImageObject","inLanguage":"fr-FR","@id":"https:\/\/gitesdelacroixasnier.com\/index.php\/a-proximite\/#primaryimage","url":"https:\/\/gitesdelacroixasnier.com\/wp-content\/uploads\/2021\/04\/a-proximite-1.jpg","contentUrl":"https:\/\/gitesdelacroixasnier.com\/wp-content\/uploads\/2021\/04\/a-proximite-1.jpg","width":1024,"height":686},{"@type":"BreadcrumbList","@id":"https:\/\/gitesdelacroixasnier.com\/index.php\/a-proximite\/#breadcrumb","itemListElement":[{"@type":"ListItem","position":1,"name":"Accueil","item":"https:\/\/gitesdelacroixasnier.com\/"},{"@type":"ListItem","position":2,"name":"A proximit\u00e9"}]},{"@type":"WebSite","@id":"https:\/\/gitesdelacroixasnier.com\/#website","url":"https:\/\/gitesdelacroixasnier.com\/","name":"Les G\u00eetes de la Croix Asnier","description":"H\u00e9bergement \/ g\u00eetes pour de courts s\u00e9jours ou des vacances en Auvergne","potentialAction":[{"@type":"SearchAction","target":{"@type":"EntryPoint","urlTemplate":"https:\/\/gitesdelacroixasnier.com\/?s={search_term_string}"},"query-input":{"@type":"PropertyValueSpecification","valueRequired":true,"valueName":"search_term_string"}}],"inLanguage":"fr-FR"}]}},"jetpack_sharing_enabled":true,"_links":{"self":[{"href":"https:\/\/gitesdelacroixasnier.com\/index.php\/wp-json\/wp\/v2\/pages\/130","targetHints":{"allow":["GET"]}}],"collection":[{"href":"https:\/\/gitesdelacroixasnier.com\/index.php\/wp-json\/wp\/v2\/pages"}],"about":[{"href":"https:\/\/gitesdelacroixasnier.com\/index.php\/wp-json\/wp\/v2\/types\/page"}],"author":[{"embeddable":true,"href":"https:\/\/gitesdelacroixasnier.com\/index.php\/wp-json\/wp\/v2\/users\/1"}],"replies":[{"embeddable":true,"href":"https:\/\/gitesdelacroixasnier.com\/index.php\/wp-json\/wp\/v2\/comments?post=130"}],"version-history":[{"count":30,"href":"https:\/\/gitesdelacroixasnier.com\/index.php\/wp-json\/wp\/v2\/pages\/130\/revisions"}],"predecessor-version":[{"id":447,"href":"https:\/\/gitesdelacroixasnier.com\/index.php\/wp-json\/wp\/v2\/pages\/130\/revisions\/447"}],"wp:attachment":[{"href":"https:\/\/gitesdelacroixasnier.com\/index.php\/wp-json\/wp\/v2\/media?parent=130"}],"curies":[{"name":"wp","href":"https:\/\/api.w.org\/{rel}","templated":true}]}}