{"id":131,"date":"2020-09-15T06:48:51","date_gmt":"2020-09-15T06:48:51","guid":{"rendered":"http:\/\/gitesdelacroixasnier.com\/index.php\/services\/"},"modified":"2021-07-15T18:36:37","modified_gmt":"2021-07-15T18:36:37","slug":"randonnees","status":"publish","type":"page","link":"https:\/\/gitesdelacroixasnier.com\/index.php\/randonnees\/","title":{"rendered":"Randonn\u00e9es"},"content":{"rendered":"\n<div class=\"wp-block-cover alignfull has-background-dim-40 has-cyan-bluish-gray-background-color has-background-dim\" style=\"min-height:400px;aspect-ratio:unset;\"><img loading=\"lazy\" decoding=\"async\" width=\"1024\" height=\"613\" class=\"wp-block-cover__image-background wp-image-241\" alt=\"\" src=\"https:\/\/gitesdelacroixasnier.com\/wp-content\/uploads\/2021\/04\/randonnee-02-3.jpg\" style=\"object-position:51% 85%\" data-object-fit=\"cover\" data-object-position=\"51% 85%\" srcset=\"https:\/\/gitesdelacroixasnier.com\/wp-content\/uploads\/2021\/04\/randonnee-02-3.jpg 1024w, https:\/\/gitesdelacroixasnier.com\/wp-content\/uploads\/2021\/04\/randonnee-02-3-300x180.jpg 300w, https:\/\/gitesdelacroixasnier.com\/wp-content\/uploads\/2021\/04\/randonnee-02-3-768x460.jpg 768w\" sizes=\"auto, (max-width: 1024px) 100vw, 1024px\" \/><div class=\"wp-block-cover__inner-container is-layout-flow wp-block-cover-is-layout-flow\">\n<h1 class=\"has-text-align-center has-white-color has-text-color wp-block-heading\">randonn\u00e9es<\/h1>\n<\/div><\/div>\n\n\n\n<div class=\"wp-block-group alignfull has-white-background-color has-background\"><div class=\"wp-block-group__inner-container is-layout-flow wp-block-group-is-layout-flow\">\n<h2 class=\"has-text-align-center wp-block-heading\">en route pour l&rsquo;aventure !<\/h2>\n\n\n\n<hr class=\"wp-block-separator aligncenter\"\/>\n\n\n\n<p class=\"has-text-align-center\">Tout est accessible \u00e0 pied par les chemins de randonn\u00e9e qui se trouvent \u00e0 l&rsquo;entr\u00e9e des g\u00eetes . <\/p>\n\n\n\n<p class=\"has-text-align-center\">Que ce soit pour aller au village de Chatel Montagne, au bord de la rivi\u00e8re ou faire les circuits de GR : <a href=\"https:\/\/www.visorando.com\/randonnee-chatel-montagne.html\" title=\"https:\/\/www.visorando.com\/randonnee-chatel-montagne.html\" target=\"_blank\" rel=\"noreferrer noopener\">CIRCUITS DE RANDONN\u00c9ES<\/a><\/p>\n\n\n\n<p class=\"has-text-align-center\">Pour toutes informations sur l&rsquo;ensemble des randonn\u00e9es du d\u00e9partement : <a href=\"https:\/\/www.vichy-destinations.fr\/guide-touristique-vichy\/loisirs\/randonnees\/\" target=\"_blank\" rel=\"noreferrer noopener\">EN SAVOIR PLUS ICI<\/a> et <a href=\"http:\/\/www.allier-auvergne-tourisme.com\/activites\/activites-nature\/randonnee-allier-randonnee-pedestre-en-auvergne-allier-tourisme\/infos-pratiques\/topoguides-et-randonnees-5073-1.html\" title=\"http:\/\/www.allier-auvergne-tourisme.com\/activites\/activites-nature\/randonnee-allier-randonnee-pedestre-en-auvergne-allier-tourisme\/infos-pratiques\/topoguides-et-randonnees-5073-1.html\" target=\"_blank\" rel=\"noreferrer noopener\">ICI AUSSI<\/a><\/p>\n\n\n\n<div class=\"wp-block-columns is-layout-flex wp-container-core-columns-is-layout-9d6595d7 wp-block-columns-is-layout-flex\">\n<div class=\"wp-block-column is-layout-flow wp-block-column-is-layout-flow\">\n<div class=\"wp-block-group\"><div class=\"wp-block-group__inner-container is-layout-flow wp-block-group-is-layout-flow\">\n<div class=\"wp-block-image is-style-rounded\"><figure class=\"aligncenter size-large\"><img loading=\"lazy\" decoding=\"async\" width=\"507\" height=\"338\" src=\"https:\/\/gitesdelacroixasnier.com\/wp-content\/uploads\/2021\/04\/bois-maquisards-1-edited.png\" alt=\"\" class=\"wp-image-274\" srcset=\"https:\/\/gitesdelacroixasnier.com\/wp-content\/uploads\/2021\/04\/bois-maquisards-1-edited.png 507w, https:\/\/gitesdelacroixasnier.com\/wp-content\/uploads\/2021\/04\/bois-maquisards-1-edited-300x200.png 300w\" sizes=\"auto, (max-width: 507px) 100vw, 507px\" \/><\/figure><\/div>\n\n\n\n<h5 class=\"has-text-align-center wp-block-heading\">LE BOIS DES MAQUISARDS<\/h5>\n\n\n\n<div class=\"wp-block-buttons is-content-justification-center is-layout-flex wp-block-buttons-is-layout-flex\">\n<div class=\"wp-block-button\"><a class=\"wp-block-button__link\" href=\"https:\/\/www.vichy-destinations.fr\/equipement\/le-bois-des-maquisards\/\" target=\"_blank\" rel=\"noreferrer noopener\">en savoir plus<\/a><\/div>\n<\/div>\n<\/div><\/div>\n<\/div>\n\n\n\n<div class=\"wp-block-column is-layout-flow wp-block-column-is-layout-flow\">\n<div class=\"wp-block-group\"><div class=\"wp-block-group__inner-container is-layout-flow wp-block-group-is-layout-flow\">\n<div class=\"wp-block-image is-style-rounded\"><figure class=\"aligncenter size-large\"><img loading=\"lazy\" decoding=\"async\" width=\"646\" height=\"399\" src=\"https:\/\/gitesdelacroixasnier.com\/wp-content\/uploads\/2021\/04\/NIZEROLLES.png\" alt=\"\" class=\"wp-image-270\" srcset=\"https:\/\/gitesdelacroixasnier.com\/wp-content\/uploads\/2021\/04\/NIZEROLLES.png 646w, https:\/\/gitesdelacroixasnier.com\/wp-content\/uploads\/2021\/04\/NIZEROLLES-300x185.png 300w\" sizes=\"auto, (max-width: 646px) 100vw, 646px\" \/><\/figure><\/div>\n\n\n\n<h5 class=\"has-text-align-center wp-block-heading\">AUTOUR DE NIZEROLLES<\/h5>\n\n\n\n<div class=\"wp-block-buttons is-content-justification-center is-layout-flex wp-block-buttons-is-layout-flex\">\n<div class=\"wp-block-button\"><a class=\"wp-block-button__link\" href=\"https:\/\/www.vichy-destinations.fr\/equipement\/autour-de-nizerolles\/\" target=\"_blank\" rel=\"noreferrer noopener\">en savoir plus<\/a><\/div>\n<\/div>\n<\/div><\/div>\n<\/div>\n<\/div>\n\n\n\n<div class=\"wp-block-columns is-layout-flex wp-container-core-columns-is-layout-9d6595d7 wp-block-columns-is-layout-flex\">\n<div class=\"wp-block-column is-layout-flow wp-block-column-is-layout-flow\">\n<div class=\"wp-block-group\"><div class=\"wp-block-group__inner-container is-layout-flow wp-block-group-is-layout-flow\">\n<div class=\"wp-block-image is-style-rounded\"><figure class=\"aligncenter size-large\"><img loading=\"lazy\" decoding=\"async\" width=\"586\" height=\"391\" src=\"https:\/\/gitesdelacroixasnier.com\/wp-content\/uploads\/2021\/04\/RAMILLE-edited.png\" alt=\"\" class=\"wp-image-283\" srcset=\"https:\/\/gitesdelacroixasnier.com\/wp-content\/uploads\/2021\/04\/RAMILLE-edited.png 586w, https:\/\/gitesdelacroixasnier.com\/wp-content\/uploads\/2021\/04\/RAMILLE-edited-300x200.png 300w\" sizes=\"auto, (max-width: 586px) 100vw, 586px\" \/><\/figure><\/div>\n\n\n\n<h5 class=\"has-text-align-center wp-block-heading\">RAMILLE<\/h5>\n\n\n\n<div class=\"wp-block-buttons is-content-justification-center is-layout-flex wp-block-buttons-is-layout-flex\">\n<div class=\"wp-block-button\"><a class=\"wp-block-button__link\" href=\"https:\/\/www.vichy-destinations.fr\/equipement\/ramille\/\" target=\"_blank\" rel=\"noreferrer noopener\">EN SAVOIR PLUS<\/a><\/div>\n<\/div>\n<\/div><\/div>\n<\/div>\n\n\n\n<div class=\"wp-block-column is-layout-flow wp-block-column-is-layout-flow\">\n<div class=\"wp-block-group\"><div class=\"wp-block-group__inner-container is-layout-flow wp-block-group-is-layout-flow\">\n<div class=\"wp-block-image is-style-rounded\"><figure class=\"aligncenter size-large\"><img loading=\"lazy\" decoding=\"async\" width=\"601\" height=\"400\" src=\"https:\/\/gitesdelacroixasnier.com\/wp-content\/uploads\/2021\/04\/PIERRE-CHATEL-edited.png\" alt=\"\" class=\"wp-image-289\" srcset=\"https:\/\/gitesdelacroixasnier.com\/wp-content\/uploads\/2021\/04\/PIERRE-CHATEL-edited.png 601w, https:\/\/gitesdelacroixasnier.com\/wp-content\/uploads\/2021\/04\/PIERRE-CHATEL-edited-300x200.png 300w\" sizes=\"auto, (max-width: 601px) 100vw, 601px\" \/><\/figure><\/div>\n\n\n\n<h5 class=\"has-text-align-center wp-block-heading\">PIERRE-CHATEL<\/h5>\n\n\n\n<div class=\"wp-block-buttons is-content-justification-center is-layout-flex wp-block-buttons-is-layout-flex\">\n<div class=\"wp-block-button\"><a class=\"wp-block-button__link\" href=\"https:\/\/www.vichy-destinations.fr\/equipement\/pierre-chatel\/\" target=\"_blank\" rel=\"noreferrer noopener\">EN SAVOIR PLUS<\/a><\/div>\n<\/div>\n<\/div><\/div>\n<\/div>\n<\/div>\n<\/div><\/div>\n\n\n\n<div class=\"wp-block-group alignfull has-background\" style=\"background-color:#f7f7f7\"><div class=\"wp-block-group__inner-container is-layout-flow wp-block-group-is-layout-flow\">\n<div class=\"wp-block-columns alignwide is-layout-flex wp-container-core-columns-is-layout-9d6595d7 wp-block-columns-is-layout-flex\">\n<div class=\"wp-block-column is-layout-flow wp-block-column-is-layout-flow\">\n<h2 class=\"wp-block-heading\">Et pour les plus t\u00e9m\u00e9raires&#8230;<\/h2>\n\n\n\n<div class=\"wp-block-image is-style-rounded\"><figure class=\"aligncenter size-large is-resized\"><img loading=\"lazy\" decoding=\"async\" src=\"https:\/\/gitesdelacroixasnier.com\/wp-content\/uploads\/2021\/04\/temeraires-1.jpg\" alt=\"\" class=\"wp-image-339\" width=\"512\" height=\"384\" srcset=\"https:\/\/gitesdelacroixasnier.com\/wp-content\/uploads\/2021\/04\/temeraires-1.jpg 1024w, https:\/\/gitesdelacroixasnier.com\/wp-content\/uploads\/2021\/04\/temeraires-1-300x225.jpg 300w, https:\/\/gitesdelacroixasnier.com\/wp-content\/uploads\/2021\/04\/temeraires-1-768x575.jpg 768w\" sizes=\"auto, (max-width: 512px) 100vw, 512px\" \/><\/figure><\/div>\n\n\n\n<p><\/p>\n<\/div>\n<\/div>\n<\/div><\/div>\n\n\n\n<p><\/p>\n","protected":false},"excerpt":{"rendered":"<p>en route pour l&rsquo;aventure ! Tout est accessible \u00e0 pied par les chemins de randonn\u00e9e qui se trouvent \u00e0 l&rsquo;entr\u00e9e des g\u00eetes . Que ce soit pour aller au village de Chatel Montagne, au bord de la rivi\u00e8re ou faire les circuits de GR : CIRCUITS DE RANDONN\u00c9ES Pour toutes informations sur l&rsquo;ensemble des randonn\u00e9es &hellip;<\/p>\n<p class=\"read-more\"> <a class=\"\" href=\"https:\/\/gitesdelacroixasnier.com\/index.php\/randonnees\/\"> <span class=\"screen-reader-text\">Randonn\u00e9es<\/span> Lire la suite\u00a0\u00bb<\/a><\/p>\n","protected":false},"author":1,"featured_media":0,"parent":0,"menu_order":0,"comment_status":"closed","ping_status":"closed","template":"","meta":{"om_disable_all_campaigns":false,"_monsterinsights_skip_tracking":false,"_monsterinsights_sitenote_active":false,"_monsterinsights_sitenote_note":"","_monsterinsights_sitenote_category":0,"footnotes":""},"class_list":["post-131","page","type-page","status-publish","hentry"],"yoast_head":"<!-- This site is optimized with the Yoast SEO plugin v26.1.1 - https:\/\/yoast.com\/wordpress\/plugins\/seo\/ -->\n<title>Randonn\u00e9es - Les G\u00eetes de la Croix Asnier<\/title>\n<meta name=\"robots\" content=\"index, follow, max-snippet:-1, max-image-preview:large, max-video-preview:-1\" \/>\n<link rel=\"canonical\" href=\"https:\/\/gitesdelacroixasnier.com\/index.php\/randonnees\/\" \/>\n<meta property=\"og:locale\" content=\"fr_FR\" \/>\n<meta property=\"og:type\" content=\"article\" \/>\n<meta property=\"og:title\" content=\"Randonn\u00e9es - Les G\u00eetes de la Croix Asnier\" \/>\n<meta property=\"og:description\" content=\"en route pour l&rsquo;aventure ! Tout est accessible \u00e0 pied par les chemins de randonn\u00e9e qui se trouvent \u00e0 l&rsquo;entr\u00e9e des g\u00eetes . Que ce soit pour aller au village de Chatel Montagne, au bord de la rivi\u00e8re ou faire les circuits de GR : CIRCUITS DE RANDONN\u00c9ES Pour toutes informations sur l&rsquo;ensemble des randonn\u00e9es &hellip; Randonn\u00e9es Lire la suite\u00a0\u00bb\" \/>\n<meta property=\"og:url\" content=\"https:\/\/gitesdelacroixasnier.com\/index.php\/randonnees\/\" \/>\n<meta property=\"og:site_name\" content=\"Les G\u00eetes de la Croix Asnier\" \/>\n<meta property=\"article:modified_time\" content=\"2021-07-15T18:36:37+00:00\" \/>\n<meta property=\"og:image\" content=\"https:\/\/gitesdelacroixasnier.com\/wp-content\/uploads\/2021\/04\/randonnee-02-3.jpg\" \/>\n<meta name=\"twitter:card\" content=\"summary_large_image\" \/>\n<meta name=\"twitter:label1\" content=\"Dur\u00e9e de lecture estim\u00e9e\" \/>\n\t<meta name=\"twitter:data1\" content=\"2 minutes\" \/>\n<script type=\"application\/ld+json\" class=\"yoast-schema-graph\">{\"@context\":\"https:\/\/schema.org\",\"@graph\":[{\"@type\":\"WebPage\",\"@id\":\"https:\/\/gitesdelacroixasnier.com\/index.php\/randonnees\/\",\"url\":\"https:\/\/gitesdelacroixasnier.com\/index.php\/randonnees\/\",\"name\":\"Randonn\u00e9es - Les G\u00eetes de la Croix Asnier\",\"isPartOf\":{\"@id\":\"https:\/\/gitesdelacroixasnier.com\/#website\"},\"primaryImageOfPage\":{\"@id\":\"https:\/\/gitesdelacroixasnier.com\/index.php\/randonnees\/#primaryimage\"},\"image\":{\"@id\":\"https:\/\/gitesdelacroixasnier.com\/index.php\/randonnees\/#primaryimage\"},\"thumbnailUrl\":\"https:\/\/gitesdelacroixasnier.com\/wp-content\/uploads\/2021\/04\/randonnee-02-3.jpg\",\"datePublished\":\"2020-09-15T06:48:51+00:00\",\"dateModified\":\"2021-07-15T18:36:37+00:00\",\"breadcrumb\":{\"@id\":\"https:\/\/gitesdelacroixasnier.com\/index.php\/randonnees\/#breadcrumb\"},\"inLanguage\":\"fr-FR\",\"potentialAction\":[{\"@type\":\"ReadAction\",\"target\":[\"https:\/\/gitesdelacroixasnier.com\/index.php\/randonnees\/\"]}]},{\"@type\":\"ImageObject\",\"inLanguage\":\"fr-FR\",\"@id\":\"https:\/\/gitesdelacroixasnier.com\/index.php\/randonnees\/#primaryimage\",\"url\":\"https:\/\/gitesdelacroixasnier.com\/wp-content\/uploads\/2021\/04\/randonnee-02-3.jpg\",\"contentUrl\":\"https:\/\/gitesdelacroixasnier.com\/wp-content\/uploads\/2021\/04\/randonnee-02-3.jpg\",\"width\":1024,\"height\":613},{\"@type\":\"BreadcrumbList\",\"@id\":\"https:\/\/gitesdelacroixasnier.com\/index.php\/randonnees\/#breadcrumb\",\"itemListElement\":[{\"@type\":\"ListItem\",\"position\":1,\"name\":\"Accueil\",\"item\":\"https:\/\/gitesdelacroixasnier.com\/\"},{\"@type\":\"ListItem\",\"position\":2,\"name\":\"Randonn\u00e9es\"}]},{\"@type\":\"WebSite\",\"@id\":\"https:\/\/gitesdelacroixasnier.com\/#website\",\"url\":\"https:\/\/gitesdelacroixasnier.com\/\",\"name\":\"Les G\u00eetes de la Croix Asnier\",\"description\":\"H\u00e9bergement \/ g\u00eetes pour de courts s\u00e9jours ou des vacances en Auvergne\",\"potentialAction\":[{\"@type\":\"SearchAction\",\"target\":{\"@type\":\"EntryPoint\",\"urlTemplate\":\"https:\/\/gitesdelacroixasnier.com\/?s={search_term_string}\"},\"query-input\":{\"@type\":\"PropertyValueSpecification\",\"valueRequired\":true,\"valueName\":\"search_term_string\"}}],\"inLanguage\":\"fr-FR\"}]}<\/script>\n<!-- \/ Yoast SEO plugin. -->","yoast_head_json":{"title":"Randonn\u00e9es - Les G\u00eetes de la Croix Asnier","robots":{"index":"index","follow":"follow","max-snippet":"max-snippet:-1","max-image-preview":"max-image-preview:large","max-video-preview":"max-video-preview:-1"},"canonical":"https:\/\/gitesdelacroixasnier.com\/index.php\/randonnees\/","og_locale":"fr_FR","og_type":"article","og_title":"Randonn\u00e9es - Les G\u00eetes de la Croix Asnier","og_description":"en route pour l&rsquo;aventure ! Tout est accessible \u00e0 pied par les chemins de randonn\u00e9e qui se trouvent \u00e0 l&rsquo;entr\u00e9e des g\u00eetes . Que ce soit pour aller au village de Chatel Montagne, au bord de la rivi\u00e8re ou faire les circuits de GR : CIRCUITS DE RANDONN\u00c9ES Pour toutes informations sur l&rsquo;ensemble des randonn\u00e9es &hellip; Randonn\u00e9es Lire la suite\u00a0\u00bb","og_url":"https:\/\/gitesdelacroixasnier.com\/index.php\/randonnees\/","og_site_name":"Les G\u00eetes de la Croix Asnier","article_modified_time":"2021-07-15T18:36:37+00:00","og_image":[{"url":"https:\/\/gitesdelacroixasnier.com\/wp-content\/uploads\/2021\/04\/randonnee-02-3.jpg","type":"","width":"","height":""}],"twitter_card":"summary_large_image","twitter_misc":{"Dur\u00e9e de lecture estim\u00e9e":"2 minutes"},"schema":{"@context":"https:\/\/schema.org","@graph":[{"@type":"WebPage","@id":"https:\/\/gitesdelacroixasnier.com\/index.php\/randonnees\/","url":"https:\/\/gitesdelacroixasnier.com\/index.php\/randonnees\/","name":"Randonn\u00e9es - Les G\u00eetes de la Croix Asnier","isPartOf":{"@id":"https:\/\/gitesdelacroixasnier.com\/#website"},"primaryImageOfPage":{"@id":"https:\/\/gitesdelacroixasnier.com\/index.php\/randonnees\/#primaryimage"},"image":{"@id":"https:\/\/gitesdelacroixasnier.com\/index.php\/randonnees\/#primaryimage"},"thumbnailUrl":"https:\/\/gitesdelacroixasnier.com\/wp-content\/uploads\/2021\/04\/randonnee-02-3.jpg","datePublished":"2020-09-15T06:48:51+00:00","dateModified":"2021-07-15T18:36:37+00:00","breadcrumb":{"@id":"https:\/\/gitesdelacroixasnier.com\/index.php\/randonnees\/#breadcrumb"},"inLanguage":"fr-FR","potentialAction":[{"@type":"ReadAction","target":["https:\/\/gitesdelacroixasnier.com\/index.php\/randonnees\/"]}]},{"@type":"ImageObject","inLanguage":"fr-FR","@id":"https:\/\/gitesdelacroixasnier.com\/index.php\/randonnees\/#primaryimage","url":"https:\/\/gitesdelacroixasnier.com\/wp-content\/uploads\/2021\/04\/randonnee-02-3.jpg","contentUrl":"https:\/\/gitesdelacroixasnier.com\/wp-content\/uploads\/2021\/04\/randonnee-02-3.jpg","width":1024,"height":613},{"@type":"BreadcrumbList","@id":"https:\/\/gitesdelacroixasnier.com\/index.php\/randonnees\/#breadcrumb","itemListElement":[{"@type":"ListItem","position":1,"name":"Accueil","item":"https:\/\/gitesdelacroixasnier.com\/"},{"@type":"ListItem","position":2,"name":"Randonn\u00e9es"}]},{"@type":"WebSite","@id":"https:\/\/gitesdelacroixasnier.com\/#website","url":"https:\/\/gitesdelacroixasnier.com\/","name":"Les G\u00eetes de la Croix Asnier","description":"H\u00e9bergement \/ g\u00eetes pour de courts s\u00e9jours ou des vacances en Auvergne","potentialAction":[{"@type":"SearchAction","target":{"@type":"EntryPoint","urlTemplate":"https:\/\/gitesdelacroixasnier.com\/?s={search_term_string}"},"query-input":{"@type":"PropertyValueSpecification","valueRequired":true,"valueName":"search_term_string"}}],"inLanguage":"fr-FR"}]}},"jetpack_sharing_enabled":true,"_links":{"self":[{"href":"https:\/\/gitesdelacroixasnier.com\/index.php\/wp-json\/wp\/v2\/pages\/131","targetHints":{"allow":["GET"]}}],"collection":[{"href":"https:\/\/gitesdelacroixasnier.com\/index.php\/wp-json\/wp\/v2\/pages"}],"about":[{"href":"https:\/\/gitesdelacroixasnier.com\/index.php\/wp-json\/wp\/v2\/types\/page"}],"author":[{"embeddable":true,"href":"https:\/\/gitesdelacroixasnier.com\/index.php\/wp-json\/wp\/v2\/users\/1"}],"replies":[{"embeddable":true,"href":"https:\/\/gitesdelacroixasnier.com\/index.php\/wp-json\/wp\/v2\/comments?post=131"}],"version-history":[{"count":20,"href":"https:\/\/gitesdelacroixasnier.com\/index.php\/wp-json\/wp\/v2\/pages\/131\/revisions"}],"predecessor-version":[{"id":454,"href":"https:\/\/gitesdelacroixasnier.com\/index.php\/wp-json\/wp\/v2\/pages\/131\/revisions\/454"}],"wp:attachment":[{"href":"https:\/\/gitesdelacroixasnier.com\/index.php\/wp-json\/wp\/v2\/media?parent=131"}],"curies":[{"name":"wp","href":"https:\/\/api.w.org\/{rel}","templated":true}]}}